{"id":18,"date":"2023-08-22T16:57:48","date_gmt":"2023-08-22T16:57:48","guid":{"rendered":"https:\/\/mtnchile.com\/?page_id=18"},"modified":"2024-09-07T17:14:25","modified_gmt":"2024-09-07T17:14:25","slug":"nuevoinicio","status":"publish","type":"page","link":"https:\/\/mtnchile.com\/","title":{"rendered":"nuevoinicio"},"content":{"rendered":"<p>[et_pb_section fb_built=\u00bb1&#8243; disabled_on=\u00bbon|off|off\u00bb module_id=\u00bbinicio\u00bb _builder_version=\u00bb4.21.0&#8243; _module_preset=\u00bbdefault\u00bb background_image=\u00bbhttps:\/\/mtnchile.com\/wp-content\/uploads\/2024\/06\/2-1.png\u00bb parallax=\u00bbon\u00bb custom_padding=\u00bb141px||125px|||\u00bb global_colors_info=\u00bb{}\u00bb][et_pb_row _builder_version=\u00bb4.21.0&#8243; _module_preset=\u00bbdefault\u00bb background_color=\u00bbRGBA(255,255,255,0)\u00bb custom_padding=\u00bb13px||25px|||\u00bb global_colors_info=\u00bb{}\u00bb][et_pb_column type=\u00bb4_4&#8243; _builder_version=\u00bb4.21.0&#8243; _module_preset=\u00bbdefault\u00bb global_colors_info=\u00bb{}\u00bb][et_pb_image src=\u00bbhttps:\/\/mtnchile.com\/wp-content\/uploads\/2024\/06\/5-1.png\u00bb title_text=\u00bb5&#8243; align=\u00bbcenter\u00bb _builder_version=\u00bb4.21.0&#8243; _module_preset=\u00bbdefault\u00bb global_colors_info=\u00bb{}\u00bb][\/et_pb_image][\/et_pb_column][\/et_pb_row][\/et_pb_section][et_pb_section fb_built=\u00bb1&#8243; disabled_on=\u00bboff|on|on\u00bb module_id=\u00bbinicio\u00bb _builder_version=\u00bb4.21.0&#8243; _module_preset=\u00bbdefault\u00bb background_image=\u00bbhttps:\/\/mtnchile.com\/wp-content\/uploads\/2024\/06\/2-1.png\u00bb parallax=\u00bbon\u00bb custom_padding=\u00bb204px||195px|||\u00bb global_colors_info=\u00bb{}\u00bb][et_pb_row _builder_version=\u00bb4.21.0&#8243; _module_preset=\u00bbdefault\u00bb background_color=\u00bbRGBA(255,255,255,0)\u00bb custom_padding=\u00bb13px||25px|||\u00bb global_colors_info=\u00bb{}\u00bb][et_pb_column type=\u00bb4_4&#8243; _builder_version=\u00bb4.21.0&#8243; _module_preset=\u00bbdefault\u00bb global_colors_info=\u00bb{}\u00bb][et_pb_image src=\u00bbhttps:\/\/mtnchile.com\/wp-content\/uploads\/2024\/06\/5-1.png\u00bb title_text=\u00bb5&#8243; align=\u00bbcenter\u00bb _builder_version=\u00bb4.21.0&#8243; _module_preset=\u00bbdefault\u00bb global_colors_info=\u00bb{}\u00bb][\/et_pb_image][\/et_pb_column][\/et_pb_row][\/et_pb_section][et_pb_section fb_built=\u00bb1&#8243; disabled_on=\u00bbon|off|off\u00bb _builder_version=\u00bb4.21.0&#8243; _module_preset=\u00bbdefault\u00bb background_color=\u00bb#000000&#8243; background_image=\u00bbhttps:\/\/mtnchile.com\/wp-content\/uploads\/2024\/06\/Untitled-design-2024-06-26T202535.723.png\u00bb custom_padding=\u00bb134px||151px|||\u00bb global_colors_info=\u00bb{}\u00bb][et_pb_row _builder_version=\u00bb4.21.0&#8243; _module_preset=\u00bbdefault\u00bb global_colors_info=\u00bb{}\u00bb][et_pb_column type=\u00bb4_4&#8243; _builder_version=\u00bb4.21.0&#8243; _module_preset=\u00bbdefault\u00bb global_colors_info=\u00bb{}\u00bb][et_pb_text _builder_version=\u00bb4.21.0&#8243; _module_preset=\u00bbdefault\u00bb text_font=\u00bbABeeZee||||||||\u00bb text_font_size=\u00bb31px\u00bb text_line_height=\u00bb1.8em\u00bb header_line_height=\u00bb1.3em\u00bb background_color=\u00bbRGBA(255,255,255,0)\u00bb text_orientation=\u00bbcenter\u00bb global_colors_info=\u00bb{}\u00bb]<\/p>\n<p class=\"p1\" style=\"text-align: center;\"><span style=\"color: #ffffff;\">Tanto en la Revoluci\u00f3n Industrial como en la Revoluci\u00f3n Tecnol\u00f3gica, el ser humano est\u00e1 en el centro &#8230; conduce y sufre los cambios<\/span><\/p>\n<p class=\"p1\" style=\"text-align: center;\"><span style=\"color: #ffffff;\">El tiempo es solo una referencia de c\u00f3mo pueden llegar a cambiar las cosas, pero siempre ser\u00e1 el Humano quien las lidere<\/span><\/p>\n<p class=\"p1\" style=\"text-align: center;\"><span style=\"color: #ffffff;\">Si quieres generar los cambios o adaptarte a los que impone el mercado,siempre necesitar\u00e1s de un Humano<\/span><\/p>\n<p>[\/et_pb_text][\/et_pb_column][\/et_pb_row][\/et_pb_section][et_pb_section fb_built=\u00bb1&#8243; disabled_on=\u00bboff|on|on\u00bb _builder_version=\u00bb4.21.0&#8243; _module_preset=\u00bbdefault\u00bb background_color=\u00bb#000000&#8243; background_image=\u00bbhttps:\/\/mtnchile.com\/wp-content\/uploads\/2024\/06\/Untitled-design-2024-06-26T202535.723.png\u00bb custom_padding=\u00bb53px||67px|||\u00bb global_colors_info=\u00bb{}\u00bb][et_pb_row _builder_version=\u00bb4.21.0&#8243; _module_preset=\u00bbdefault\u00bb global_colors_info=\u00bb{}\u00bb][et_pb_column type=\u00bb4_4&#8243; _builder_version=\u00bb4.21.0&#8243; _module_preset=\u00bbdefault\u00bb global_colors_info=\u00bb{}\u00bb][et_pb_text _builder_version=\u00bb4.21.0&#8243; _module_preset=\u00bbdefault\u00bb text_font=\u00bbABeeZee||||||||\u00bb text_font_size=\u00bb19px\u00bb text_line_height=\u00bb1.8em\u00bb header_line_height=\u00bb1.3em\u00bb background_color=\u00bbRGBA(255,255,255,0)\u00bb text_orientation=\u00bbcenter\u00bb global_colors_info=\u00bb{}\u00bb]<\/p>\n<p class=\"p1\" style=\"text-align: center;\"><span style=\"color: #ffffff;\">Tanto en la Revoluci\u00f3n Industrial como en la Revoluci\u00f3n Tecnol\u00f3gica, el ser humano est\u00e1 en el centro &#8230; conduce y sufre los cambios.<\/span><\/p>\n<p class=\"p1\" style=\"text-align: center;\"><span style=\"color: #ffffff;\">El tiempo es solo una referencia de c\u00f3mo pueden llegar a cambiar las cosas, pero siempre ser\u00e1 el Humano quien las lidere<\/span><\/p>\n<p class=\"p1\" style=\"text-align: center;\"><span style=\"color: #ffffff;\">Si quieres generar los cambios o adaptarte a los que impone el mercado,siempre necesitar\u00e1s de un Humano<\/span><\/p>\n<p>[\/et_pb_text][\/et_pb_column][\/et_pb_row][\/et_pb_section][et_pb_section fb_built=\u00bb1&#8243; module_id=\u00bbsomos\u00bb _builder_version=\u00bb4.21.0&#8243; _module_preset=\u00bbdefault\u00bb custom_padding=\u00bb86px||93px|||\u00bb global_colors_info=\u00bb{}\u00bb][et_pb_row column_structure=\u00bb1_2,1_2&#8243; _builder_version=\u00bb4.21.0&#8243; _module_preset=\u00bbdefault\u00bb global_colors_info=\u00bb{}\u00bb][et_pb_column type=\u00bb1_2&#8243; _builder_version=\u00bb4.21.0&#8243; _module_preset=\u00bbdefault\u00bb global_colors_info=\u00bb{}\u00bb][et_pb_image src=\u00bbhttps:\/\/mtnchile.com\/wp-content\/uploads\/2024\/06\/Captura-de-pantalla-2024-06-10-a-las-10.02.44\u202fp.-m.png\u00bb title_text=\u00bbCaptura de pantalla 2024-06-10 a la(s) 10.02.44\u202fp. m.\u00bb _builder_version=\u00bb4.21.0&#8243; _module_preset=\u00bbdefault\u00bb global_colors_info=\u00bb{}\u00bb][\/et_pb_image][\/et_pb_column][et_pb_column type=\u00bb1_2&#8243; _builder_version=\u00bb4.21.0&#8243; _module_preset=\u00bbdefault\u00bb global_colors_info=\u00bb{}\u00bb][et_pb_text _builder_version=\u00bb4.21.0&#8243; _module_preset=\u00bbdefault\u00bb global_colors_info=\u00bb{}\u00bb]<\/p>\n<h2><strong>ACERCA DE NOSOTROS<\/strong><\/h2>\n<p>[\/et_pb_text][et_pb_text _builder_version=\u00bb4.21.0&#8243; _module_preset=\u00bbdefault\u00bb text_font_size=\u00bb16px\u00bb text_line_height=\u00bb2.1em\u00bb global_colors_info=\u00bb{}\u00bb]<\/p>\n<p style=\"text-align: justify;\">MTN Proenergy SPA fue creada en septiembre de 2017 y en sus comienzos se ocup\u00f3 de asesorar a una empresa en el negocio de venta y distribuci\u00f3n de GLP en todo Colombia y tambi\u00e9n gestion\u00f3 un negocio de distribuci\u00f3n de GLP en la regi\u00f3n metropolitana en Chile. Luego deriv\u00f3 en una empresa dedicada a dar soluciones de energ\u00eda renovables y consultor\u00edas para \u00e1reas de negocios, con especializaci\u00f3n en distribuci\u00f3n y \u00faltima milla en el mundo B2C. Hoy, el \u00e1rea MTN Consulting busca dar soluciones y apoyar con partners de vasta experiencia en distintas especialidades del quehacer empresarial<\/p>\n<p>[\/et_pb_text][\/et_pb_column][\/et_pb_row][\/et_pb_section][et_pb_section fb_built=\u00bb1&#8243; disabled_on=\u00bbon|off|off\u00bb module_id=\u00bbequipo\u00bb _builder_version=\u00bb4.21.0&#8243; _module_preset=\u00bbdefault\u00bb background_image=\u00bbhttps:\/\/mtnchile.com\/wp-content\/uploads\/2024\/06\/Untitled-design-2024-06-24T235035.662.png\u00bb parallax=\u00bbon\u00bb custom_padding=\u00bb97px||187px|||\u00bb global_colors_info=\u00bb{}\u00bb][et_pb_row _builder_version=\u00bb4.21.0&#8243; _module_preset=\u00bbdefault\u00bb global_colors_info=\u00bb{}\u00bb][et_pb_column type=\u00bb4_4&#8243; _builder_version=\u00bb4.21.0&#8243; _module_preset=\u00bbdefault\u00bb global_colors_info=\u00bb{}\u00bb][et_pb_divider _builder_version=\u00bb4.21.0&#8243; _module_preset=\u00bbdefault\u00bb global_colors_info=\u00bb{}\u00bb][\/et_pb_divider][et_pb_text _builder_version=\u00bb4.21.0&#8243; _module_preset=\u00bbdefault\u00bb global_colors_info=\u00bb{}\u00bb]<\/p>\n<h2 style=\"text-align: center;\"><strong>NUESTRO EQUIPO<\/strong><\/h2>\n<p>[\/et_pb_text][et_pb_text _builder_version=\u00bb4.21.0&#8243; _module_preset=\u00bbdefault\u00bb text_font_size=\u00bb20px\u00bb text_line_height=\u00bb2.1em\u00bb header_line_height=\u00bb1.3em\u00bb global_colors_info=\u00bb{}\u00bb]<\/p>\n<p style=\"text-align: justify;\">En MTN Consulting, contamos con un equipo de consultores altamente experimentados en sus respectivas \u00e1reas. Por muchos a\u00f1os han liderado de manera competente empresas y grandes proyectos, equilibrando equipos, tiempo y recursos. Ahora est\u00e1n disponibles para transmitir todo ese bagaje de conocimientos -experiencias, y proporcionar servicios de consultor\u00eda a empresas en crecimiento. Ya sea que necesites lanzar nuevos proyectos, realizar un cambio transformador de innovaci\u00f3n o tengas metas espec\u00edficas a corto, mediano o largo plazo, \u00a1nuestro equipo est\u00e1 listo para apoyarte!<\/p>\n<p>[\/et_pb_text][\/et_pb_column][\/et_pb_row][\/et_pb_section][et_pb_section fb_built=\u00bb1&#8243; disabled_on=\u00bboff|on|on\u00bb module_id=\u00bbequipo\u00bb _builder_version=\u00bb4.21.0&#8243; _module_preset=\u00bbdefault\u00bb background_image=\u00bbhttps:\/\/mtnchile.com\/wp-content\/uploads\/2024\/06\/Untitled-design-2024-06-24T235035.662.png\u00bb parallax=\u00bbon\u00bb custom_padding=\u00bb73px||53px|||\u00bb global_colors_info=\u00bb{}\u00bb][et_pb_row _builder_version=\u00bb4.21.0&#8243; _module_preset=\u00bbdefault\u00bb global_colors_info=\u00bb{}\u00bb][et_pb_column type=\u00bb4_4&#8243; _builder_version=\u00bb4.21.0&#8243; _module_preset=\u00bbdefault\u00bb global_colors_info=\u00bb{}\u00bb][et_pb_divider _builder_version=\u00bb4.21.0&#8243; _module_preset=\u00bbdefault\u00bb global_colors_info=\u00bb{}\u00bb][\/et_pb_divider][et_pb_text _builder_version=\u00bb4.21.0&#8243; _module_preset=\u00bbdefault\u00bb global_colors_info=\u00bb{}\u00bb]<\/p>\n<h2 style=\"text-align: center;\"><strong>NUESTRO EQUIPO<\/strong><\/h2>\n<p>[\/et_pb_text][et_pb_text _builder_version=\u00bb4.21.0&#8243; _module_preset=\u00bbdefault\u00bb text_font_size=\u00bb16px\u00bb text_line_height=\u00bb1.8em\u00bb header_line_height=\u00bb1.3em\u00bb global_colors_info=\u00bb{}\u00bb]<\/p>\n<p style=\"text-align: justify;\">En MTN Consulting, contamos con un equipo de consultores altamente experimentados en sus respectivas \u00e1reas. Por muchos a\u00f1os han liderado de manera competente empresas y grandes proyectos, equilibrando equipos, tiempo y recursos. Ahora est\u00e1n disponibles para transmitir todo ese bagaje de conocimientos-experiencias, y proporcionar servicios de consultor\u00eda a empresas en crecimiento. Ya sea que necesites lanzar nuevos proyectos, realizar un cambio transformador de innovaci\u00f3n o tengas metas espec\u00edficas a corto, mediano o largo plazo, \u00a1nuestro equipo est\u00e1 listo para apoyarte!<\/p>\n<p>[\/et_pb_text][\/et_pb_column][\/et_pb_row][\/et_pb_section][et_pb_section fb_built=\u00bb1&#8243; disabled_on=\u00bbon|off|off\u00bb _builder_version=\u00bb4.21.0&#8243; _module_preset=\u00bbdefault\u00bb background_color=\u00bb#000000&#8243; background_image=\u00bbhttps:\/\/mtnchile.com\/wp-content\/uploads\/2024\/06\/Untitled-design-2024-06-26T202535.723.png\u00bb custom_padding=\u00bb50px||12px|||\u00bb global_colors_info=\u00bb{}\u00bb][et_pb_row _builder_version=\u00bb4.21.0&#8243; _module_preset=\u00bbdefault\u00bb global_colors_info=\u00bb{}\u00bb][et_pb_column type=\u00bb4_4&#8243; _builder_version=\u00bb4.21.0&#8243; _module_preset=\u00bbdefault\u00bb global_colors_info=\u00bb{}\u00bb][et_pb_text _builder_version=\u00bb4.21.0&#8243; _module_preset=\u00bbdefault\u00bb text_font=\u00bbABeeZee||||||||\u00bb text_font_size=\u00bb24px\u00bb text_line_height=\u00bb1.8em\u00bb header_line_height=\u00bb1.3em\u00bb background_color=\u00bbRGBA(255,255,255,0)\u00bb text_orientation=\u00bbcenter\u00bb global_colors_info=\u00bb{}\u00bb]<\/p>\n<p class=\"p1\" style=\"text-align: center;\"><span style=\"color: #ffffff;\">Nuestros servicios de asesor\u00edas est\u00e1n enfocados en dar soluciones a situaciones del mundo real que enfrentan las empresas cada d\u00eda y que cada vez ocurren a una velocidad de cambio mayor<\/span><\/p>\n<p>[\/et_pb_text][\/et_pb_column][\/et_pb_row][et_pb_row column_structure=\u00bb1_4,1_4,1_4,1_4&#8243; _builder_version=\u00bb4.21.0&#8243; _module_preset=\u00bbdefault\u00bb global_colors_info=\u00bb{}\u00bb][et_pb_column type=\u00bb1_4&#8243; _builder_version=\u00bb4.21.0&#8243; _module_preset=\u00bbdefault\u00bb global_colors_info=\u00bb{}\u00bb][et_pb_blurb title=\u00bbAsesor\u00edas Legales Corporativas\u00bb use_icon=\u00bbon\u00bb font_icon=\u00bb&#xf24e;||fa||900&#8243; icon_color=\u00bb#FFFFFF\u00bb image_icon_width=\u00bb74px\u00bb _builder_version=\u00bb4.21.0&#8243; _module_preset=\u00bbdefault\u00bb header_font=\u00bb|700|||||||\u00bb header_text_color=\u00bb#FFFFFF\u00bb body_text_color=\u00bb#FFFFFF\u00bb hover_enabled=\u00bb0&#8243; global_colors_info=\u00bb{}\u00bb sticky_enabled=\u00bb0&#8243;]<\/p>\n<ul>\n<li style=\"font-weight: 400;\" aria-level=\"1\">\n<p class=\"p1\">Servicios legales integrales: Incluyen negociaci\u00f3n de contratos, compra y venta de empresas, fusiones, divisiones, y operaciones de financiamiento a nivel local e internacional<\/p>\n<\/li>\n<li style=\"font-weight: 400;\" aria-level=\"1\">\n<p class=\"p1\"><span style=\"font-size: 14px;\">Gesti\u00f3n de conflictos y crisis: Estructuraci\u00f3n y defensa en eventos contenciosos, juicios, arbitrajes, y manejo de situaciones de crisis.<\/span><\/p>\n<\/li>\n<li style=\"font-weight: 400;\" aria-level=\"1\">\n<p class=\"p1\"><span style=\"font-size: 14px;\"><\/span><span style=\"font-size: 14px;\">Consultor\u00eda especializada: Implementaci\u00f3n de Modelos de Prevenci\u00f3n de Delitos y asesor\u00eda biling\u00fce en ingl\u00e9s<\/span><\/p>\n<\/li>\n<\/ul>\n<p>[\/et_pb_blurb][\/et_pb_column][et_pb_column type=\u00bb1_4&#8243; _builder_version=\u00bb4.21.0&#8243; _module_preset=\u00bbdefault\u00bb global_colors_info=\u00bb{}\u00bb][et_pb_blurb title=\u00bbGobierno de Datos y Proyectos TI\u00bb use_icon=\u00bbon\u00bb font_icon=\u00bb&#xf5fc;||fa||900&#8243; icon_color=\u00bb#FFFFFF\u00bb image_icon_width=\u00bb74px\u00bb _builder_version=\u00bb4.21.0&#8243; _module_preset=\u00bbdefault\u00bb header_font=\u00bb|700|||||||\u00bb header_text_color=\u00bb#FFFFFF\u00bb body_text_color=\u00bb#FFFFFF\u00bb global_colors_info=\u00bb{}\u00bb]<\/p>\n<ul>\n<li style=\"font-weight: 400;\" aria-level=\"1\"><span style=\"font-weight: 400;\">Prepara a las empresas para la nueva Ley de Protecci\u00f3n de Datos Personales en Chile<\/span><\/li>\n<li style=\"font-weight: 400;\" aria-level=\"1\"><span style=\"font-weight: 400;\">A trav\u00e9s de mejores pr\u00e1cticas y tendencias emergentes a nivel mundial<\/span><\/li>\n<li style=\"font-weight: 400;\" aria-level=\"1\"><span style=\"font-weight: 400;\">Actualiza los desaf\u00edos y oportunidades para las empresas para la gesti\u00f3n de los datos<\/span><\/li>\n<li style=\"font-weight: 400;\" aria-level=\"1\"><span style=\"font-weight: 400;\">Disminuye costos y automatiza e integra procesos<\/span><\/li>\n<\/ul>\n<p>[\/et_pb_blurb][\/et_pb_column][et_pb_column type=\u00bb1_4&#8243; _builder_version=\u00bb4.21.0&#8243; _module_preset=\u00bbdefault\u00bb global_colors_info=\u00bb{}\u00bb][et_pb_blurb title=\u00bbAsesor\u00eda Tributaria\u00bb use_icon=\u00bbon\u00bb font_icon=\u00bb&#xf53a;||fa||900&#8243; icon_color=\u00bb#FFFFFF\u00bb image_icon_width=\u00bb74px\u00bb _builder_version=\u00bb4.21.0&#8243; _module_preset=\u00bbdefault\u00bb header_font=\u00bb|700|||||||\u00bb header_text_color=\u00bb#FFFFFF\u00bb body_text_color=\u00bb#FFFFFF\u00bb hover_enabled=\u00bb0&#8243; global_colors_info=\u00bb{}\u00bb sticky_enabled=\u00bb0&#8243;]<\/p>\n<ul>\n<li style=\"font-weight: 400;\" aria-level=\"1\">\n<p class=\"p1\">Cumplimiento y auditor\u00eda tributaria: An\u00e1lisis de cumplimiento tributario, auditor\u00eda tributaria, y revisi\u00f3n de p\u00e9rdidas tributarias de arrastre<\/p>\n<\/li>\n<li style=\"font-weight: 400;\" aria-level=\"1\">\n<p class=\"p1\">Consultor\u00eda empresarial y societaria: Asesor\u00eda en la creaci\u00f3n de empresas, reorganizaci\u00f3n societaria, y consultor\u00eda tributaria permanente<\/p>\n<\/li>\n<li style=\"font-weight: 400;\" aria-level=\"1\">\n<p class=\"p1\">Due Diligence: Evaluaci\u00f3n detallada de aspectos fiscales para asegurar el cumplimiento normativo y minimizar riesgos<\/p>\n<\/li>\n<\/ul>\n<p>[\/et_pb_blurb][\/et_pb_column][et_pb_column type=\u00bb1_4&#8243; _builder_version=\u00bb4.21.0&#8243; _module_preset=\u00bbdefault\u00bb global_colors_info=\u00bb{}\u00bb][et_pb_blurb title=\u00bbFinanzas Corporativas\u00bb use_icon=\u00bbon\u00bb font_icon=\u00bb&#xf201;||fa||900&#8243; icon_color=\u00bb#FFFFFF\u00bb image_icon_width=\u00bb74px\u00bb _builder_version=\u00bb4.21.0&#8243; _module_preset=\u00bbdefault\u00bb header_font=\u00bb|700|||||||\u00bb header_text_color=\u00bb#FFFFFF\u00bb body_text_color=\u00bb#FFFFFF\u00bb global_colors_info=\u00bb{}\u00bb]<\/p>\n<ul>\n<li style=\"font-weight: 400;\" aria-level=\"1\"><span style=\"font-weight: 400;\">Estrategias Efectivas para Optimizar la Gesti\u00f3n Financiera Corporativa<\/span><\/li>\n<li style=\"font-weight: 400;\" aria-level=\"1\"><span style=\"font-weight: 400;\">Estrategias de Crecimiento Sostenible en Tiempos de Cambio<\/span><\/li>\n<\/ul>\n<p>[\/et_pb_blurb][\/et_pb_column][\/et_pb_row][et_pb_row column_structure=\u00bb1_4,1_4,1_4,1_4&#8243; _builder_version=\u00bb4.21.0&#8243; _module_preset=\u00bbdefault\u00bb global_colors_info=\u00bb{}\u00bb][et_pb_column type=\u00bb1_4&#8243; _builder_version=\u00bb4.21.0&#8243; _module_preset=\u00bbdefault\u00bb global_colors_info=\u00bb{}\u00bb][et_pb_blurb title=\u00bbSeguridad\u00bb use_icon=\u00bbon\u00bb font_icon=\u00bb&#xf3ed;||fa||900&#8243; icon_color=\u00bb#FFFFFF\u00bb image_icon_width=\u00bb74px\u00bb _builder_version=\u00bb4.21.0&#8243; _module_preset=\u00bbdefault\u00bb header_font=\u00bb|700|||||||\u00bb header_text_color=\u00bb#FFFFFF\u00bb body_text_color=\u00bb#FFFFFF\u00bb global_colors_info=\u00bb{}\u00bb]<\/p>\n<ul>\n<li style=\"font-weight: 400;\" aria-level=\"1\">Asesor\u00edas en planificaci\u00f3n en seguridad estrat\u00e9gica para empresas<\/li>\n<li style=\"font-weight: 400;\" aria-level=\"1\">Consultor\u00eda en Pol\u00edticas p\u00fablicas de seguridad<\/li>\n<li style=\"font-weight: 400;\" aria-level=\"1\">Asesor\u00edas en planificaci\u00f3n estrat\u00e9gica de Infraestructura Cr\u00edtica<\/li>\n<\/ul>\n<p>[\/et_pb_blurb][\/et_pb_column][et_pb_column type=\u00bb1_4&#8243; _builder_version=\u00bb4.21.0&#8243; _module_preset=\u00bbdefault\u00bb global_colors_info=\u00bb{}\u00bb][et_pb_blurb title=\u00bbAgua Potable para el futuro\u00bb use_icon=\u00bbon\u00bb font_icon=\u00bb&#xe005;||fa||900&#8243; icon_color=\u00bb#FFFFFF\u00bb image_icon_width=\u00bb74px\u00bb _builder_version=\u00bb4.21.0&#8243; _module_preset=\u00bbdefault\u00bb header_font=\u00bb|700|||||||\u00bb header_text_color=\u00bb#FFFFFF\u00bb body_text_color=\u00bb#FFFFFF\u00bb global_colors_info=\u00bb{}\u00bb]<\/p>\n<ul>\n<li style=\"font-weight: 400;\" aria-level=\"1\"><span style=\"font-weight: 400;\">Innovaciones y desaf\u00edos en la gesti\u00f3n de recursos h\u00eddricos<\/span><\/li>\n<li style=\"font-weight: 400;\" aria-level=\"1\"><span style=\"font-weight: 400;\">Garantizar la calidad del agua potable a trav\u00e9s de nuevas normativas y tecnolog\u00edas<\/span><\/li>\n<li style=\"font-weight: 400;\" aria-level=\"1\"><span style=\"font-weight: 400;\">Soluciones innovadoras para un mundo con escasez de agua potable<\/span><\/li>\n<\/ul>\n<p>[\/et_pb_blurb][\/et_pb_column][et_pb_column type=\u00bb1_4&#8243; _builder_version=\u00bb4.21.0&#8243; _module_preset=\u00bbdefault\u00bb global_colors_info=\u00bb{}\u00bb][et_pb_blurb title=\u00bbIndustria El\u00e9ctrica\u00bb use_icon=\u00bbon\u00bb font_icon=\u00bb&#xf0e7;||fa||900&#8243; icon_color=\u00bb#FFFFFF\u00bb image_icon_width=\u00bb74px\u00bb _builder_version=\u00bb4.21.0&#8243; _module_preset=\u00bbdefault\u00bb header_font=\u00bb|700|||||||\u00bb header_text_color=\u00bb#FFFFFF\u00bb body_text_color=\u00bb#FFFFFF\u00bb global_colors_info=\u00bb{}\u00bb]<\/p>\n<ul>\n<li style=\"font-weight: 400;\" aria-level=\"1\"><span style=\"font-weight: 400;\">Direcci\u00f3n de proyectos de alto impacto en Generaci\u00f3n y Distribuci\u00f3n de energ\u00eda el\u00e9ctrica<\/span><\/li>\n<li style=\"font-weight: 400;\" aria-level=\"1\"><span style=\"font-weight: 400;\">Gesti\u00f3n proyectos y equipos en la industria el\u00e9ctrica regulada<\/span><\/li>\n<\/ul>\n<p>[\/et_pb_blurb][\/et_pb_column][et_pb_column type=\u00bb1_4&#8243; _builder_version=\u00bb4.21.0&#8243; _module_preset=\u00bbdefault\u00bb global_colors_info=\u00bb{}\u00bb][et_pb_blurb title=\u00bbGesti\u00f3n Comercial y Ventas\u00bb use_icon=\u00bbon\u00bb font_icon=\u00bb&#xf793;||fa||900&#8243; icon_color=\u00bb#FFFFFF\u00bb image_icon_width=\u00bb74px\u00bb _builder_version=\u00bb4.21.0&#8243; _module_preset=\u00bbdefault\u00bb header_font=\u00bb|700|||||||\u00bb header_text_color=\u00bb#FFFFFF\u00bb body_text_color=\u00bb#FFFFFF\u00bb global_colors_info=\u00bb{}\u00bb]<\/p>\n<ul>\n<li style=\"font-weight: 400;\" aria-level=\"1\"><span style=\"font-weight: 400;\">Transformaci\u00f3n Digital en la Gesti\u00f3n Comercial: Herramientas y T\u00e9cnicas Innovadoras<\/span><\/li>\n<li style=\"font-weight: 400;\" aria-level=\"1\"><span style=\"font-weight: 400;\">Maximizando el Rendimiento Comercial con An\u00e1lisis de Datos Avanzado<\/span><\/li>\n<\/ul>\n<p>[\/et_pb_blurb][\/et_pb_column][\/et_pb_row][\/et_pb_section][et_pb_section fb_built=\u00bb1&#8243; disabled_on=\u00bboff|on|on\u00bb _builder_version=\u00bb4.21.0&#8243; _module_preset=\u00bbdefault\u00bb background_color=\u00bb#000000&#8243; background_image=\u00bbhttps:\/\/mtnchile.com\/wp-content\/uploads\/2024\/06\/Untitled-design-2024-06-26T202535.723.png\u00bb custom_padding=\u00bb50px||12px|||\u00bb global_colors_info=\u00bb{}\u00bb][et_pb_row _builder_version=\u00bb4.21.0&#8243; _module_preset=\u00bbdefault\u00bb global_colors_info=\u00bb{}\u00bb][et_pb_column type=\u00bb4_4&#8243; _builder_version=\u00bb4.21.0&#8243; _module_preset=\u00bbdefault\u00bb global_colors_info=\u00bb{}\u00bb][et_pb_text _builder_version=\u00bb4.21.0&#8243; _module_preset=\u00bbdefault\u00bb text_font=\u00bbABeeZee||||||||\u00bb text_font_size=\u00bb17px\u00bb text_line_height=\u00bb1.8em\u00bb header_line_height=\u00bb1.3em\u00bb background_color=\u00bbRGBA(255,255,255,0)\u00bb text_orientation=\u00bbcenter\u00bb hover_enabled=\u00bb0&#8243; global_colors_info=\u00bb{}\u00bb sticky_enabled=\u00bb0&#8243;]<\/p>\n<p class=\"p1\" style=\"text-align: center;\"><span style=\"color: #ffffff;\">Nuestros servicios de asesor\u00edas est\u00e1n enfocados en dar soluciones a situaciones del mundo real que enfrentan las empresas cada d\u00eda y que cada vez ocurren a una velocidad de cambio mayor<\/span><\/p>\n<p>[\/et_pb_text][\/et_pb_column][\/et_pb_row][et_pb_row column_structure=\u00bb1_4,1_4,1_4,1_4&#8243; _builder_version=\u00bb4.21.0&#8243; _module_preset=\u00bbdefault\u00bb global_colors_info=\u00bb{}\u00bb][et_pb_column type=\u00bb1_4&#8243; _builder_version=\u00bb4.21.0&#8243; _module_preset=\u00bbdefault\u00bb global_colors_info=\u00bb{}\u00bb][et_pb_blurb title=\u00bbAsesor\u00edas Legales Corporativas\u00bb use_icon=\u00bbon\u00bb font_icon=\u00bb&#xf24e;||fa||900&#8243; icon_color=\u00bb#FFFFFF\u00bb image_icon_width=\u00bb74px\u00bb _builder_version=\u00bb4.21.0&#8243; _module_preset=\u00bbdefault\u00bb header_font=\u00bb|700|||||||\u00bb header_text_color=\u00bb#FFFFFF\u00bb body_text_color=\u00bb#FFFFFF\u00bb hover_enabled=\u00bb0&#8243; global_colors_info=\u00bb{}\u00bb sticky_enabled=\u00bb0&#8243;]<\/p>\n<ul>\n<li style=\"font-weight: 400;\" aria-level=\"1\">\n<p class=\"p1\">Servicios legales integrales: Incluyen negociaci\u00f3n de contratos, compra y venta de empresas, fusiones, divisiones, y operaciones de financiamiento a nivel local e internacional<\/p>\n<\/li>\n<li style=\"font-weight: 400;\" aria-level=\"1\">\n<p class=\"p1\"><span style=\"font-size: 14px;\">Gesti\u00f3n de conflictos y crisis: Estructuraci\u00f3n y defensa en eventos contenciosos, juicios, arbitrajes, y manejo de situaciones de crisis.<\/span><\/p>\n<\/li>\n<li style=\"font-weight: 400;\" aria-level=\"1\">\n<p class=\"p1\"><span style=\"font-size: 14px;\"><\/span><span style=\"font-size: 14px;\">Consultor\u00eda especializada: Implementaci\u00f3n de Modelos de Prevenci\u00f3n de Delitos y asesor\u00eda biling\u00fce en ingl\u00e9s<\/span><\/p>\n<\/li>\n<\/ul>\n<p>[\/et_pb_blurb][\/et_pb_column][et_pb_column type=\u00bb1_4&#8243; _builder_version=\u00bb4.21.0&#8243; _module_preset=\u00bbdefault\u00bb global_colors_info=\u00bb{}\u00bb][et_pb_blurb title=\u00bbGobierno de Datos y Proyectos TI\u00bb use_icon=\u00bbon\u00bb font_icon=\u00bb&#xf5fc;||fa||900&#8243; icon_color=\u00bb#FFFFFF\u00bb image_icon_width=\u00bb74px\u00bb _builder_version=\u00bb4.21.0&#8243; _module_preset=\u00bbdefault\u00bb header_font=\u00bb|700|||||||\u00bb header_text_color=\u00bb#FFFFFF\u00bb body_text_color=\u00bb#FFFFFF\u00bb global_colors_info=\u00bb{}\u00bb]<\/p>\n<ul>\n<li style=\"font-weight: 400;\" aria-level=\"1\"><span style=\"font-weight: 400;\">Prepara a las empresas para la nueva Ley de Protecci\u00f3n de Datos Personales en Chile<\/span><\/li>\n<li style=\"font-weight: 400;\" aria-level=\"1\"><span style=\"font-weight: 400;\">A trav\u00e9s de mejores pr\u00e1cticas y tendencias emergentes a nivel mundial<\/span><\/li>\n<li style=\"font-weight: 400;\" aria-level=\"1\"><span style=\"font-weight: 400;\">Actualiza los desaf\u00edos y oportunidades para las empresas para la gesti\u00f3n de los datos<\/span><\/li>\n<li style=\"font-weight: 400;\" aria-level=\"1\"><span style=\"font-weight: 400;\">Disminuye costos y automatiza e integra procesos<\/span><\/li>\n<\/ul>\n<p>[\/et_pb_blurb][\/et_pb_column][et_pb_column type=\u00bb1_4&#8243; _builder_version=\u00bb4.21.0&#8243; _module_preset=\u00bbdefault\u00bb global_colors_info=\u00bb{}\u00bb][et_pb_blurb title=\u00bbAsesor\u00eda Tributaria\u00bb use_icon=\u00bbon\u00bb font_icon=\u00bb&#xf53a;||fa||900&#8243; icon_color=\u00bb#FFFFFF\u00bb image_icon_width=\u00bb74px\u00bb _builder_version=\u00bb4.21.0&#8243; _module_preset=\u00bbdefault\u00bb header_font=\u00bb|700|||||||\u00bb header_text_color=\u00bb#FFFFFF\u00bb body_text_color=\u00bb#FFFFFF\u00bb hover_enabled=\u00bb0&#8243; global_colors_info=\u00bb{}\u00bb sticky_enabled=\u00bb0&#8243;]<\/p>\n<ul>\n<li style=\"font-weight: 400;\" aria-level=\"1\">\n<p class=\"p1\">Cumplimiento y auditor\u00eda tributaria: An\u00e1lisis de cumplimiento tributario, auditor\u00eda tributaria, y revisi\u00f3n de p\u00e9rdidas tributarias de arrastre<\/p>\n<\/li>\n<li style=\"font-weight: 400;\" aria-level=\"1\">\n<p class=\"p1\">Consultor\u00eda empresarial y societaria: Asesor\u00eda en la creaci\u00f3n de empresas, reorganizaci\u00f3n societaria, y consultor\u00eda tributaria permanente<\/p>\n<\/li>\n<li style=\"font-weight: 400;\" aria-level=\"1\">\n<p class=\"p1\">Due Diligence: Evaluaci\u00f3n detallada de aspectos fiscales para asegurar el cumplimiento normativo y minimizar riesgos<\/p>\n<\/li>\n<\/ul>\n<p>[\/et_pb_blurb][\/et_pb_column][et_pb_column type=\u00bb1_4&#8243; _builder_version=\u00bb4.21.0&#8243; _module_preset=\u00bbdefault\u00bb global_colors_info=\u00bb{}\u00bb][et_pb_blurb title=\u00bbFinanzas Corporativas\u00bb use_icon=\u00bbon\u00bb font_icon=\u00bb&#xf201;||fa||900&#8243; icon_color=\u00bb#FFFFFF\u00bb image_icon_width=\u00bb74px\u00bb _builder_version=\u00bb4.21.0&#8243; _module_preset=\u00bbdefault\u00bb header_font=\u00bb|700|||||||\u00bb header_text_color=\u00bb#FFFFFF\u00bb body_text_color=\u00bb#FFFFFF\u00bb global_colors_info=\u00bb{}\u00bb]<\/p>\n<ul>\n<li style=\"font-weight: 400;\" aria-level=\"1\"><span style=\"font-weight: 400;\">Estrategias Efectivas para Optimizar la Gesti\u00f3n Financiera Corporativa<\/span><\/li>\n<li style=\"font-weight: 400;\" aria-level=\"1\"><span style=\"font-weight: 400;\">Estrategias de Crecimiento Sostenible en Tiempos de Cambio<\/span><\/li>\n<\/ul>\n<p>[\/et_pb_blurb][\/et_pb_column][\/et_pb_row][et_pb_row column_structure=\u00bb1_4,1_4,1_4,1_4&#8243; _builder_version=\u00bb4.21.0&#8243; _module_preset=\u00bbdefault\u00bb global_colors_info=\u00bb{}\u00bb][et_pb_column type=\u00bb1_4&#8243; _builder_version=\u00bb4.21.0&#8243; _module_preset=\u00bbdefault\u00bb global_colors_info=\u00bb{}\u00bb][et_pb_blurb title=\u00bbSeguridad\u00bb use_icon=\u00bbon\u00bb font_icon=\u00bb&#xf3ed;||fa||900&#8243; icon_color=\u00bb#FFFFFF\u00bb image_icon_width=\u00bb74px\u00bb _builder_version=\u00bb4.21.0&#8243; _module_preset=\u00bbdefault\u00bb header_font=\u00bb|700|||||||\u00bb header_text_color=\u00bb#FFFFFF\u00bb body_text_color=\u00bb#FFFFFF\u00bb global_colors_info=\u00bb{}\u00bb]<\/p>\n<ul>\n<li style=\"font-weight: 400;\" aria-level=\"1\">Asesor\u00edas en planificaci\u00f3n en seguridad estrat\u00e9gica para empresas<\/li>\n<li style=\"font-weight: 400;\" aria-level=\"1\">Consultor\u00eda en Pol\u00edticas p\u00fablicas de seguridad<\/li>\n<li style=\"font-weight: 400;\" aria-level=\"1\">Asesor\u00edas en planificaci\u00f3n estrat\u00e9gica de Infraestructura Cr\u00edtica<\/li>\n<\/ul>\n<p>[\/et_pb_blurb][\/et_pb_column][et_pb_column type=\u00bb1_4&#8243; _builder_version=\u00bb4.21.0&#8243; _module_preset=\u00bbdefault\u00bb global_colors_info=\u00bb{}\u00bb][et_pb_blurb title=\u00bbAgua Potable para el futuro\u00bb use_icon=\u00bbon\u00bb font_icon=\u00bb&#xe005;||fa||900&#8243; icon_color=\u00bb#FFFFFF\u00bb image_icon_width=\u00bb74px\u00bb _builder_version=\u00bb4.21.0&#8243; _module_preset=\u00bbdefault\u00bb header_font=\u00bb|700|||||||\u00bb header_text_color=\u00bb#FFFFFF\u00bb body_text_color=\u00bb#FFFFFF\u00bb global_colors_info=\u00bb{}\u00bb]<\/p>\n<ul>\n<li style=\"font-weight: 400;\" aria-level=\"1\"><span style=\"font-weight: 400;\">Innovaciones y desaf\u00edos en la gesti\u00f3n de recursos h\u00eddricos<\/span><\/li>\n<li style=\"font-weight: 400;\" aria-level=\"1\"><span style=\"font-weight: 400;\">Garantizar la calidad del agua potable a trav\u00e9s de nuevas normativas y tecnolog\u00edas<\/span><\/li>\n<li style=\"font-weight: 400;\" aria-level=\"1\"><span style=\"font-weight: 400;\">Soluciones innovadoras para un mundo con escasez de agua potable<\/span><\/li>\n<\/ul>\n<p>[\/et_pb_blurb][\/et_pb_column][et_pb_column type=\u00bb1_4&#8243; _builder_version=\u00bb4.21.0&#8243; _module_preset=\u00bbdefault\u00bb global_colors_info=\u00bb{}\u00bb][et_pb_blurb title=\u00bbIndustria El\u00e9ctrica\u00bb use_icon=\u00bbon\u00bb font_icon=\u00bb&#xf0e7;||fa||900&#8243; icon_color=\u00bb#FFFFFF\u00bb image_icon_width=\u00bb74px\u00bb _builder_version=\u00bb4.21.0&#8243; _module_preset=\u00bbdefault\u00bb header_font=\u00bb|700|||||||\u00bb header_text_color=\u00bb#FFFFFF\u00bb body_text_color=\u00bb#FFFFFF\u00bb global_colors_info=\u00bb{}\u00bb]<\/p>\n<ul>\n<li style=\"font-weight: 400;\" aria-level=\"1\"><span style=\"font-weight: 400;\">Direcci\u00f3n de proyectos de alto impacto en Generaci\u00f3n y Distribuci\u00f3n de energ\u00eda el\u00e9ctrica<\/span><\/li>\n<li style=\"font-weight: 400;\" aria-level=\"1\"><span style=\"font-weight: 400;\">Gesti\u00f3n proyectos y equipos en la industria el\u00e9ctrica regulada<\/span><\/li>\n<\/ul>\n<p>[\/et_pb_blurb][\/et_pb_column][et_pb_column type=\u00bb1_4&#8243; _builder_version=\u00bb4.21.0&#8243; _module_preset=\u00bbdefault\u00bb global_colors_info=\u00bb{}\u00bb][et_pb_blurb title=\u00bbGesti\u00f3n Comercial y Ventas\u00bb use_icon=\u00bbon\u00bb font_icon=\u00bb&#xf793;||fa||900&#8243; icon_color=\u00bb#FFFFFF\u00bb image_icon_width=\u00bb74px\u00bb _builder_version=\u00bb4.21.0&#8243; _module_preset=\u00bbdefault\u00bb header_font=\u00bb|700|||||||\u00bb header_text_color=\u00bb#FFFFFF\u00bb body_text_color=\u00bb#FFFFFF\u00bb global_colors_info=\u00bb{}\u00bb]<\/p>\n<ul>\n<li style=\"font-weight: 400;\" aria-level=\"1\"><span style=\"font-weight: 400;\">Transformaci\u00f3n Digital en la Gesti\u00f3n Comercial: Herramientas y T\u00e9cnicas Innovadoras<\/span><\/li>\n<li style=\"font-weight: 400;\" aria-level=\"1\"><span style=\"font-weight: 400;\">Maximizando el Rendimiento Comercial con An\u00e1lisis de Datos Avanzado<\/span><\/li>\n<\/ul>\n<p>[\/et_pb_blurb][\/et_pb_column][\/et_pb_row][\/et_pb_section][et_pb_section fb_built=\u00bb1&#8243; module_id=\u00bblegal\u00bb _builder_version=\u00bb4.21.0&#8243; _module_preset=\u00bbdefault\u00bb global_colors_info=\u00bb{}\u00bb][et_pb_row _builder_version=\u00bb4.21.0&#8243; _module_preset=\u00bbdefault\u00bb global_colors_info=\u00bb{}\u00bb][et_pb_column type=\u00bb4_4&#8243; _builder_version=\u00bb4.21.0&#8243; _module_preset=\u00bbdefault\u00bb global_colors_info=\u00bb{}\u00bb][et_pb_divider _builder_version=\u00bb4.21.0&#8243; _module_preset=\u00bbdefault\u00bb global_colors_info=\u00bb{}\u00bb][\/et_pb_divider][\/et_pb_column][\/et_pb_row][et_pb_row column_structure=\u00bb1_2,1_2&#8243; _builder_version=\u00bb4.21.0&#8243; _module_preset=\u00bbdefault\u00bb global_colors_info=\u00bb{}\u00bb][et_pb_column type=\u00bb1_2&#8243; _builder_version=\u00bb4.21.0&#8243; _module_preset=\u00bbdefault\u00bb global_colors_info=\u00bb{}\u00bb][et_pb_text _builder_version=\u00bb4.21.0&#8243; _module_preset=\u00bbdefault\u00bb global_colors_info=\u00bb{}\u00bb]<\/p>\n<h1><strong>ASESOR\u00cdAS LEGALES CORPORATIVAS<\/strong><\/h1>\n<p>[\/et_pb_text][et_pb_text _builder_version=\u00bb4.21.0&#8243; _module_preset=\u00bbdefault\u00bb text_font=\u00bb||||||||\u00bb text_font_size=\u00bb16px\u00bb global_colors_info=\u00bb{}\u00bb]<\/p>\n<ul>\n<li>Negociaci\u00f3n de contratos<\/li>\n<li>Compra y venta de empresas, fusiones y divisiones<\/li>\n<li>Operaciones de financiamiento, local e internacional<\/li>\n<li>Estructuraci\u00f3n defensa de eventos contenciosos, juicios, arbitrajes y manejo en situaciones de crisis<\/li>\n<li>Implementaci\u00f3n de Modelo de Prevenci\u00f3n de Delitos<\/li>\n<li>Asesor\u00eda Biling\u00fce en idioma ingl\u00e9s<\/li>\n<\/ul>\n<p><strong>Parte de la Experiencia de nuestros Consultores:<\/strong><\/p>\n<ul>\n<li>\n<p>Fiscal en Gasco S.A.<\/p>\n<\/li>\n<li>\n<p>Gerente Servicios Jur\u00eddicos y Compliance en Metrogas S.A.<\/p>\n<\/li>\n<li>\n<p>Asesor Legal en CGE Gas Natural S.A.<\/p>\n<\/li>\n<li>\n<p>Gerente Servicios Jur\u00eddicos en General Power Generation<\/p>\n<\/li>\n<\/ul>\n<p>[\/et_pb_text][et_pb_button button_url=\u00bb#contacto\u00bb button_text=\u00bbMe interesa\u00bb _builder_version=\u00bb4.21.0&#8243; _module_preset=\u00bbdefault\u00bb custom_button=\u00bbon\u00bb button_text_size=\u00bb15px\u00bb button_text_color=\u00bb#FFFFFF\u00bb button_bg_color=\u00bb#103946&#8243; button_border_color=\u00bb#103946&#8243; button_border_radius=\u00bb48px\u00bb button_icon=\u00bb&#x4e;||divi||400&#8243; global_colors_info=\u00bb{}\u00bb][\/et_pb_button][\/et_pb_column][et_pb_column type=\u00bb1_2&#8243; _builder_version=\u00bb4.21.0&#8243; _module_preset=\u00bbdefault\u00bb global_colors_info=\u00bb{}\u00bb][et_pb_image src=\u00bbhttps:\/\/mtnchile.com\/wp-content\/uploads\/2024\/09\/Untitled-design-2024-09-06T100538.825.png\u00bb title_text=\u00bbUntitled design &#8211; 2024-09-06T100538.825&#8243; _builder_version=\u00bb4.21.0&#8243; _module_preset=\u00bbdefault\u00bb global_colors_info=\u00bb{}\u00bb][\/et_pb_image][\/et_pb_column][\/et_pb_row][\/et_pb_section][et_pb_section fb_built=\u00bb1&#8243; module_id=\u00bbdatos\u00bb _builder_version=\u00bb4.21.0&#8243; _module_preset=\u00bbdefault\u00bb background_color=\u00bb#eae7eb\u00bb global_colors_info=\u00bb{}\u00bb][et_pb_row _builder_version=\u00bb4.21.0&#8243; _module_preset=\u00bbdefault\u00bb global_colors_info=\u00bb{}\u00bb][et_pb_column type=\u00bb4_4&#8243; _builder_version=\u00bb4.21.0&#8243; _module_preset=\u00bbdefault\u00bb global_colors_info=\u00bb{}\u00bb][et_pb_divider _builder_version=\u00bb4.21.0&#8243; _module_preset=\u00bbdefault\u00bb global_colors_info=\u00bb{}\u00bb][\/et_pb_divider][\/et_pb_column][\/et_pb_row][et_pb_row column_structure=\u00bb1_2,1_2&#8243; _builder_version=\u00bb4.21.0&#8243; _module_preset=\u00bbdefault\u00bb global_colors_info=\u00bb{}\u00bb][et_pb_column type=\u00bb1_2&#8243; _builder_version=\u00bb4.21.0&#8243; _module_preset=\u00bbdefault\u00bb global_colors_info=\u00bb{}\u00bb][et_pb_text _builder_version=\u00bb4.21.0&#8243; _module_preset=\u00bbdefault\u00bb global_colors_info=\u00bb{}\u00bb]<\/p>\n<h1><strong>GOBIERNO DE DATOS, TRATAMIENTO DE DATOS PERSONALES Y SOLUCIONES DE TECNOLOG\u00cdAS DE INFORMACI\u00d3N\u00a0<\/strong><\/h1>\n<p>[\/et_pb_text][et_pb_text _builder_version=\u00bb4.21.0&#8243; _module_preset=\u00bbdefault\u00bb global_colors_info=\u00bb{}\u00bb]<\/p>\n<h2>Assessment y Despliegue de Proyectos<\/h2>\n<p>[\/et_pb_text][et_pb_text _builder_version=\u00bb4.21.0&#8243; _module_preset=\u00bbdefault\u00bb text_font=\u00bb||||||||\u00bb text_font_size=\u00bb16px\u00bb global_colors_info=\u00bb{}\u00bb]<\/p>\n<ul>\n<li>Proyectos de mejora de calidad, accesos, procesos, disponibilidad, propiedad y responsabilidad de datos corporativos<\/li>\n<li>Implementaci\u00f3n y\/o mejora de Oficinas de Gobierno de Datos, acorde a mejores pr\u00e1cticas de mercado<\/li>\n<li>Preparaci\u00f3n de Empresas para la implementaci\u00f3n de la nueva Ley de Tratamiento de Datos Personales<\/li>\n<li>Implementaci\u00f3n de soluciones de tecnolog\u00edas de informaci\u00f3n ad-hoc a necesidades del negocio<\/li>\n<\/ul>\n<p><strong>Parte de la Experiencia de nuestros Consultores:<\/strong><\/p>\n<ul>\n<li>L\u00edder de Arquitectura de Datos &#8211; Empresa L\u00edder Global de Sustentabilidad (U.S.A.), Hub Global Farmac\u00e9utico (M\u00e9xico), entre Otros<\/li>\n<li>Subdirector de Tecnolog\u00eda (Universidad L\u00edder &#8211; Chile)<\/li>\n<li>Data &amp; AI Manager (Consultora Clase Mundial)<\/li>\n<li>Asesor TI &#8211; Varias Corporaciones Chile<\/li>\n<\/ul>\n<p>[\/et_pb_text][et_pb_button button_url=\u00bb#contacto\u00bb button_text=\u00bbMe interesa\u00bb _builder_version=\u00bb4.21.0&#8243; _module_preset=\u00bbdefault\u00bb custom_button=\u00bbon\u00bb button_text_size=\u00bb15px\u00bb button_text_color=\u00bb#FFFFFF\u00bb button_bg_color=\u00bb#103946&#8243; button_border_color=\u00bb#103946&#8243; button_border_radius=\u00bb48px\u00bb button_icon=\u00bb&#x4e;||divi||400&#8243; global_colors_info=\u00bb{}\u00bb][\/et_pb_button][\/et_pb_column][et_pb_column type=\u00bb1_2&#8243; _builder_version=\u00bb4.21.0&#8243; _module_preset=\u00bbdefault\u00bb global_colors_info=\u00bb{}\u00bb][et_pb_image src=\u00bbhttps:\/\/mtnchile.com\/wp-content\/uploads\/2024\/06\/Captura-de-pantalla-2024-06-10-a-las-10.05.21\u202fp.-m.png\u00bb title_text=\u00bbCaptura de pantalla 2024-06-10 a la(s) 10.05.21\u202fp. m.\u00bb _builder_version=\u00bb4.21.0&#8243; _module_preset=\u00bbdefault\u00bb global_colors_info=\u00bb{}\u00bb][\/et_pb_image][\/et_pb_column][\/et_pb_row][\/et_pb_section][et_pb_section fb_built=\u00bb1&#8243; module_id=\u00bbtributaria\u00bb _builder_version=\u00bb4.21.0&#8243; _module_preset=\u00bbdefault\u00bb background_color=\u00bb#FFFFFF\u00bb global_colors_info=\u00bb{}\u00bb][et_pb_row _builder_version=\u00bb4.21.0&#8243; _module_preset=\u00bbdefault\u00bb global_colors_info=\u00bb{}\u00bb][et_pb_column type=\u00bb4_4&#8243; _builder_version=\u00bb4.21.0&#8243; _module_preset=\u00bbdefault\u00bb global_colors_info=\u00bb{}\u00bb][et_pb_divider _builder_version=\u00bb4.21.0&#8243; _module_preset=\u00bbdefault\u00bb global_colors_info=\u00bb{}\u00bb][\/et_pb_divider][\/et_pb_column][\/et_pb_row][et_pb_row column_structure=\u00bb1_2,1_2&#8243; _builder_version=\u00bb4.21.0&#8243; _module_preset=\u00bbdefault\u00bb global_colors_info=\u00bb{}\u00bb][et_pb_column type=\u00bb1_2&#8243; _builder_version=\u00bb4.21.0&#8243; _module_preset=\u00bbdefault\u00bb global_colors_info=\u00bb{}\u00bb][et_pb_text _builder_version=\u00bb4.21.0&#8243; _module_preset=\u00bbdefault\u00bb global_colors_info=\u00bb{}\u00bb]<\/p>\n<h1><strong>TRIBUTARIA<\/strong><\/h1>\n<p>[\/et_pb_text][et_pb_text _builder_version=\u00bb4.21.0&#8243; _module_preset=\u00bbdefault\u00bb global_colors_info=\u00bb{}\u00bb]<\/p>\n<h2>Servicios Tributarios<\/h2>\n<p>[\/et_pb_text][et_pb_text _builder_version=\u00bb4.21.0&#8243; _module_preset=\u00bbdefault\u00bb text_font_size=\u00bb16px\u00bb custom_padding=\u00bb||0px|||\u00bb global_colors_info=\u00bb{}\u00bb]<\/p>\n<ul>\n<li>An\u00e1lisis de cumplimiento tributario<\/li>\n<li>Asesor\u00eda en la creaci\u00f3n de empresas y reorganizaci\u00f3n societaria<\/li>\n<li>Consultor\u00eda tributaria permanente<\/li>\n<li>Auditor\u00eda tributaria<\/li>\n<li>Revisi\u00f3n de p\u00e9rdidas tributaries de arrastre<\/li>\n<li>Due Delligence<\/li>\n<\/ul>\n<p><strong>Parte de la Experiencia de nuestros Consultores:<\/strong><\/p>\n<ul>\n<li>\n<p>Auditor tributario en EY<\/p>\n<\/li>\n<li>\n<p>Asesor tributario en empresas grupo Gasco S.A.<\/p>\n<\/li>\n<li>\n<p>Socia Fundadora en asesor\u00edas e inversiones Gesti\u00f3n Tributaria &#8211; GESTRIB<\/p>\n<\/li>\n<\/ul>\n<p>[\/et_pb_text][et_pb_button button_url=\u00bb#contacto\u00bb button_text=\u00bbMe interesa\u00bb _builder_version=\u00bb4.21.0&#8243; _module_preset=\u00bbdefault\u00bb custom_button=\u00bbon\u00bb button_text_size=\u00bb15px\u00bb button_text_color=\u00bb#FFFFFF\u00bb button_bg_color=\u00bb#103946&#8243; button_border_color=\u00bb#103946&#8243; button_border_radius=\u00bb48px\u00bb button_icon=\u00bb&#x4e;||divi||400&#8243; global_colors_info=\u00bb{}\u00bb][\/et_pb_button][\/et_pb_column][et_pb_column type=\u00bb1_2&#8243; _builder_version=\u00bb4.21.0&#8243; _module_preset=\u00bbdefault\u00bb global_colors_info=\u00bb{}\u00bb][et_pb_image src=\u00bbhttps:\/\/mtnchile.com\/wp-content\/uploads\/2024\/09\/Untitled-design-2024-09-06T101453.848.png\u00bb title_text=\u00bbUntitled design &#8211; 2024-09-06T101453.848&#8243; _builder_version=\u00bb4.21.0&#8243; _module_preset=\u00bbdefault\u00bb global_colors_info=\u00bb{}\u00bb][\/et_pb_image][\/et_pb_column][\/et_pb_row][\/et_pb_section][et_pb_section fb_built=\u00bb1&#8243; module_id=\u00bbfinanzas\u00bb _builder_version=\u00bb4.21.0&#8243; _module_preset=\u00bbdefault\u00bb background_color=\u00bb#eae7eb\u00bb global_colors_info=\u00bb{}\u00bb][et_pb_row _builder_version=\u00bb4.21.0&#8243; _module_preset=\u00bbdefault\u00bb global_colors_info=\u00bb{}\u00bb][et_pb_column type=\u00bb4_4&#8243; _builder_version=\u00bb4.21.0&#8243; _module_preset=\u00bbdefault\u00bb global_colors_info=\u00bb{}\u00bb][et_pb_divider _builder_version=\u00bb4.21.0&#8243; _module_preset=\u00bbdefault\u00bb global_colors_info=\u00bb{}\u00bb][\/et_pb_divider][\/et_pb_column][\/et_pb_row][et_pb_row column_structure=\u00bb1_2,1_2&#8243; _builder_version=\u00bb4.21.0&#8243; _module_preset=\u00bbdefault\u00bb global_colors_info=\u00bb{}\u00bb][et_pb_column type=\u00bb1_2&#8243; _builder_version=\u00bb4.21.0&#8243; _module_preset=\u00bbdefault\u00bb global_colors_info=\u00bb{}\u00bb][et_pb_text _builder_version=\u00bb4.21.0&#8243; _module_preset=\u00bbdefault\u00bb global_colors_info=\u00bb{}\u00bb]<\/p>\n<h1><strong>FINANZAS CORPORATIVAS\u00a0<\/strong><\/h1>\n<p>[\/et_pb_text][et_pb_text _builder_version=\u00bb4.21.0&#8243; _module_preset=\u00bbdefault\u00bb global_colors_info=\u00bb{}\u00bb]<\/p>\n<h2>Consultor\u00eda<\/h2>\n<p>[\/et_pb_text][et_pb_text _builder_version=\u00bb4.21.0&#8243; _module_preset=\u00bbdefault\u00bb text_font_size=\u00bb16px\u00bb global_colors_info=\u00bb{}\u00bb]<\/p>\n<ul>\n<li>Formaci\u00f3n corporativa y de directivos<\/li>\n<li>Asesor\u00eda Tributaria<\/li>\n<li>Asesor\u00eda para pr\u00e9stamos y seguros<\/li>\n<li>Asesor\u00eda para Fusiones y Adquisiciones de empresas<\/li>\n<\/ul>\n<p><strong>Parte de la Experiencia de nuestros Consultores:<\/strong><\/p>\n<ul>\n<li>An\u00e1lisis Financiero &#8211; Banco de A. Edwards<\/li>\n<li>Gerente A&amp;F &#8211; Ian Taylor y CIa Ltda.<\/li>\n<li>Jefe Divisi\u00f3n Finanzas &#8211; SAAM S.A.<\/li>\n<li>Subgerente Finanzas &#8211; Chilquinta Energ\u00eda S.A.<\/li>\n<li>C.F.O. Chilquinta Energ\u00eda S.A.<\/li>\n<\/ul>\n<p>[\/et_pb_text][et_pb_button button_url=\u00bb#contacto\u00bb button_text=\u00bbMe interesa\u00bb _builder_version=\u00bb4.21.0&#8243; _module_preset=\u00bbdefault\u00bb custom_button=\u00bbon\u00bb button_text_size=\u00bb15px\u00bb button_text_color=\u00bb#FFFFFF\u00bb button_bg_color=\u00bb#103946&#8243; button_border_color=\u00bb#103946&#8243; button_border_radius=\u00bb48px\u00bb button_icon=\u00bb&#x4e;||divi||400&#8243; global_colors_info=\u00bb{}\u00bb][\/et_pb_button][\/et_pb_column][et_pb_column type=\u00bb1_2&#8243; _builder_version=\u00bb4.21.0&#8243; _module_preset=\u00bbdefault\u00bb global_colors_info=\u00bb{}\u00bb][et_pb_image src=\u00bbhttps:\/\/mtnchile.com\/wp-content\/uploads\/2024\/06\/Captura-de-pantalla-2024-06-10-a-las-10.07.22\u202fp.-m.png\u00bb title_text=\u00bbCaptura de pantalla 2024-06-10 a la(s) 10.07.22\u202fp. m.\u00bb _builder_version=\u00bb4.21.0&#8243; _module_preset=\u00bbdefault\u00bb global_colors_info=\u00bb{}\u00bb][\/et_pb_image][\/et_pb_column][\/et_pb_row][\/et_pb_section][et_pb_section fb_built=\u00bb1&#8243; module_id=\u00bbseguridad\u00bb _builder_version=\u00bb4.21.0&#8243; _module_preset=\u00bbdefault\u00bb background_color=\u00bb#FFFFFF\u00bb global_colors_info=\u00bb{}\u00bb][et_pb_row _builder_version=\u00bb4.21.0&#8243; _module_preset=\u00bbdefault\u00bb global_colors_info=\u00bb{}\u00bb][et_pb_column type=\u00bb4_4&#8243; _builder_version=\u00bb4.21.0&#8243; _module_preset=\u00bbdefault\u00bb global_colors_info=\u00bb{}\u00bb][et_pb_divider _builder_version=\u00bb4.21.0&#8243; _module_preset=\u00bbdefault\u00bb global_colors_info=\u00bb{}\u00bb][\/et_pb_divider][\/et_pb_column][\/et_pb_row][et_pb_row column_structure=\u00bb1_2,1_2&#8243; _builder_version=\u00bb4.21.0&#8243; _module_preset=\u00bbdefault\u00bb global_colors_info=\u00bb{}\u00bb][et_pb_column type=\u00bb1_2&#8243; _builder_version=\u00bb4.21.0&#8243; _module_preset=\u00bbdefault\u00bb global_colors_info=\u00bb{}\u00bb][et_pb_text _builder_version=\u00bb4.21.0&#8243; _module_preset=\u00bbdefault\u00bb global_colors_info=\u00bb{}\u00bb]<\/p>\n<h1><strong>SEGURIDAD<\/strong><\/h1>\n<p>[\/et_pb_text][et_pb_text _builder_version=\u00bb4.21.0&#8243; _module_preset=\u00bbdefault\u00bb global_colors_info=\u00bb{}\u00bb]<\/p>\n<h2>Asesor\u00eda en Seguridad Estrat\u00e9gica<\/h2>\n<p>[\/et_pb_text][et_pb_text _builder_version=\u00bb4.21.0&#8243; _module_preset=\u00bbdefault\u00bb text_font_size=\u00bb16px\u00bb custom_padding=\u00bb||0px|||\u00bb global_colors_info=\u00bb{}\u00bb]<\/p>\n<ul>\n<li>An\u00e1lisis de escenarios prospectivos<\/li>\n<li>Asesorias en planificaci\u00f3n en Seguridad Estrat\u00e9gica para empresas<\/li>\n<li>Consultor\u00eda en Pol\u00edticas p\u00fablicas en Seguridad<\/li>\n<li>Asesorias en Planificaci\u00f3n estrat\u00e9gica en Protecci\u00f3n de Infraestructura Critica<\/li>\n<\/ul>\n<p><strong>Parte de la Experiencia de nuestros Consultores:<\/strong><\/p>\n<ul>\n<li>\n<p>30 a\u00f1os\u00a0 Armada de Chile , Oficial de Estado Mayor<\/p>\n<\/li>\n<li>\n<p>Asesor en Planificaci\u00f3n Estrategica en Seguridad, Arauco-Cencosud<\/p>\n<\/li>\n<li>\n<p>Director de Grupo Cox SpA<\/p>\n<\/li>\n<\/ul>\n<p>[\/et_pb_text][et_pb_button button_url=\u00bb#contacto\u00bb button_text=\u00bbMe interesa\u00bb _builder_version=\u00bb4.21.0&#8243; _module_preset=\u00bbdefault\u00bb custom_button=\u00bbon\u00bb button_text_size=\u00bb15px\u00bb button_text_color=\u00bb#FFFFFF\u00bb button_bg_color=\u00bb#103946&#8243; button_border_color=\u00bb#103946&#8243; button_border_radius=\u00bb48px\u00bb button_icon=\u00bb&#x4e;||divi||400&#8243; global_colors_info=\u00bb{}\u00bb][\/et_pb_button][\/et_pb_column][et_pb_column type=\u00bb1_2&#8243; _builder_version=\u00bb4.21.0&#8243; _module_preset=\u00bbdefault\u00bb global_colors_info=\u00bb{}\u00bb][et_pb_image src=\u00bbhttps:\/\/mtnchile.com\/wp-content\/uploads\/2024\/09\/Untitled-design-2024-09-06T101110.942.png\u00bb title_text=\u00bbUntitled design &#8211; 2024-09-06T101110.942&#8243; _builder_version=\u00bb4.21.0&#8243; _module_preset=\u00bbdefault\u00bb global_colors_info=\u00bb{}\u00bb][\/et_pb_image][\/et_pb_column][\/et_pb_row][\/et_pb_section][et_pb_section fb_built=\u00bb1&#8243; module_id=\u00bbagua\u00bb _builder_version=\u00bb4.21.0&#8243; _module_preset=\u00bbdefault\u00bb background_color=\u00bb#eae7eb\u00bb global_colors_info=\u00bb{}\u00bb][et_pb_row _builder_version=\u00bb4.21.0&#8243; _module_preset=\u00bbdefault\u00bb global_colors_info=\u00bb{}\u00bb][et_pb_column type=\u00bb4_4&#8243; _builder_version=\u00bb4.21.0&#8243; _module_preset=\u00bbdefault\u00bb global_colors_info=\u00bb{}\u00bb][et_pb_divider _builder_version=\u00bb4.21.0&#8243; _module_preset=\u00bbdefault\u00bb global_colors_info=\u00bb{}\u00bb][\/et_pb_divider][\/et_pb_column][\/et_pb_row][et_pb_row column_structure=\u00bb1_2,1_2&#8243; _builder_version=\u00bb4.21.0&#8243; _module_preset=\u00bbdefault\u00bb global_colors_info=\u00bb{}\u00bb][et_pb_column type=\u00bb1_2&#8243; _builder_version=\u00bb4.21.0&#8243; _module_preset=\u00bbdefault\u00bb global_colors_info=\u00bb{}\u00bb][et_pb_text _builder_version=\u00bb4.21.0&#8243; _module_preset=\u00bbdefault\u00bb global_colors_info=\u00bb{}\u00bb]<\/p>\n<h1><strong>AGUA POTABLE<\/strong><\/h1>\n<p>[\/et_pb_text][et_pb_text _builder_version=\u00bb4.21.0&#8243; _module_preset=\u00bbdefault\u00bb global_colors_info=\u00bb{}\u00bb]<\/p>\n<h2>Consultor\u00eda y Proyectos de Agua Potable<\/h2>\n<p>[\/et_pb_text][et_pb_text _builder_version=\u00bb4.21.0&#8243; _module_preset=\u00bbdefault\u00bb text_font_size=\u00bb16px\u00bb custom_padding=\u00bb||0px|||\u00bb global_colors_info=\u00bb{}\u00bb]<\/p>\n<ul>\n<li>Gesti\u00f3n para producci\u00f3n y distribuci\u00f3n de agua potable y tratamientos de aguas servidas de lodos activados<\/li>\n<li>Proyectos de agua potable, alcantarillado y plantas desalinadoras de aguas salobres hasta aguas de mar mediante osmosis inversa<\/li>\n<li>Certificaciones, permisos y factibilidad t\u00e9cnico-administrativa de proyectos de agua potable<\/li>\n<\/ul>\n<p><strong>Parte de la Experiencia de nuestros Consultores:<\/strong><\/p>\n<ul>\n<li>Acad\u00e9mico &#8211; UACH<\/li>\n<li>Superintendente Ingenier\u00eda de Procesos &#8211; CELCO<\/li>\n<li>Subgerente &#8211; ESVAL<\/li>\n<li>Asesor &#8211; ECO Quinta S.A.<\/li>\n<\/ul>\n<p>[\/et_pb_text][et_pb_button button_url=\u00bb#contacto\u00bb button_text=\u00bbMe interesa\u00bb _builder_version=\u00bb4.21.0&#8243; _module_preset=\u00bbdefault\u00bb custom_button=\u00bbon\u00bb button_text_size=\u00bb15px\u00bb button_text_color=\u00bb#FFFFFF\u00bb button_bg_color=\u00bb#103946&#8243; button_border_color=\u00bb#103946&#8243; button_border_radius=\u00bb48px\u00bb button_icon=\u00bb&#x4e;||divi||400&#8243; global_colors_info=\u00bb{}\u00bb][\/et_pb_button][\/et_pb_column][et_pb_column type=\u00bb1_2&#8243; _builder_version=\u00bb4.21.0&#8243; _module_preset=\u00bbdefault\u00bb global_colors_info=\u00bb{}\u00bb][et_pb_image src=\u00bbhttps:\/\/mtnchile.com\/wp-content\/uploads\/2024\/06\/Captura-de-pantalla-2024-06-10-a-las-10.04.01\u202fp.-m.png\u00bb title_text=\u00bbCaptura de pantalla 2024-06-10 a la(s) 10.04.01\u202fp. m.\u00bb _builder_version=\u00bb4.21.0&#8243; _module_preset=\u00bbdefault\u00bb global_colors_info=\u00bb{}\u00bb][\/et_pb_image][\/et_pb_column][\/et_pb_row][\/et_pb_section][et_pb_section fb_built=\u00bb1&#8243; module_id=\u00bbregulacion\u00bb _builder_version=\u00bb4.21.0&#8243; _module_preset=\u00bbdefault\u00bb global_colors_info=\u00bb{}\u00bb][et_pb_row _builder_version=\u00bb4.21.0&#8243; _module_preset=\u00bbdefault\u00bb global_colors_info=\u00bb{}\u00bb][et_pb_column type=\u00bb4_4&#8243; _builder_version=\u00bb4.21.0&#8243; _module_preset=\u00bbdefault\u00bb global_colors_info=\u00bb{}\u00bb][et_pb_divider _builder_version=\u00bb4.21.0&#8243; _module_preset=\u00bbdefault\u00bb global_colors_info=\u00bb{}\u00bb][\/et_pb_divider][\/et_pb_column][\/et_pb_row][et_pb_row column_structure=\u00bb1_2,1_2&#8243; _builder_version=\u00bb4.21.0&#8243; _module_preset=\u00bbdefault\u00bb global_colors_info=\u00bb{}\u00bb][et_pb_column type=\u00bb1_2&#8243; _builder_version=\u00bb4.21.0&#8243; _module_preset=\u00bbdefault\u00bb global_colors_info=\u00bb{}\u00bb][et_pb_text _builder_version=\u00bb4.21.0&#8243; _module_preset=\u00bbdefault\u00bb global_colors_info=\u00bb{}\u00bb]<\/p>\n<h1><strong>REGULACI\u00d3N INDUSTRIA EL\u00c9CTRICA<\/strong><\/h1>\n<p>[\/et_pb_text][et_pb_text _builder_version=\u00bb4.21.0&#8243; _module_preset=\u00bbdefault\u00bb global_colors_info=\u00bb{}\u00bb]<\/p>\n<h2>Industria El\u00e9ctrica y Gesti\u00f3n de Proyectos<\/h2>\n<p>[\/et_pb_text][et_pb_text _builder_version=\u00bb4.21.0&#8243; _module_preset=\u00bbdefault\u00bb text_font_size=\u00bb16px\u00bb global_colors_info=\u00bb{}\u00bb]<\/p>\n<ul>\n<li>Regulaci\u00f3n industria el\u00e9ctrica<\/li>\n<li>Gesti\u00f3n de proyectos de alto impacto<\/li>\n<li>Gestor de equipos de alto rendimiento<\/li>\n<li>Manejo de crisis<\/li>\n<\/ul>\n<p><strong>Parte de la Experiencia de nuestros Consultores:<\/strong><\/p>\n<ul>\n<li>Gerente Operaciones &#8211; Luz del Sur, Per\u00fa<\/li>\n<li>Gerente General &#8211; El\u00e9ctrica Litoral<\/li>\n<li>Subgerente General &#8211; Chilquinta Energ\u00eda S.A.<\/li>\n<li>Director &#8211; El\u00e9ctrica Litoral<\/li>\n<li>Director Ejecutivo &#8211; Optimax<\/li>\n<\/ul>\n<p>[\/et_pb_text][et_pb_button button_url=\u00bb#contacto\u00bb button_text=\u00bbMe interesa\u00bb _builder_version=\u00bb4.21.0&#8243; _module_preset=\u00bbdefault\u00bb custom_button=\u00bbon\u00bb button_text_size=\u00bb15px\u00bb button_text_color=\u00bb#FFFFFF\u00bb button_bg_color=\u00bb#103946&#8243; button_border_color=\u00bb#103946&#8243; button_border_radius=\u00bb48px\u00bb button_icon=\u00bb&#x4e;||divi||400&#8243; global_colors_info=\u00bb{}\u00bb][\/et_pb_button][\/et_pb_column][et_pb_column type=\u00bb1_2&#8243; _builder_version=\u00bb4.21.0&#8243; _module_preset=\u00bbdefault\u00bb global_colors_info=\u00bb{}\u00bb][et_pb_image src=\u00bbhttps:\/\/mtnchile.com\/wp-content\/uploads\/2024\/06\/Captura-de-pantalla-2024-06-10-a-las-10.09.20\u202fp.-m.png\u00bb title_text=\u00bbCaptura de pantalla 2024-06-10 a la(s) 10.09.20\u202fp. m.\u00bb _builder_version=\u00bb4.21.0&#8243; _module_preset=\u00bbdefault\u00bb global_colors_info=\u00bb{}\u00bb][\/et_pb_image][\/et_pb_column][\/et_pb_row][\/et_pb_section][et_pb_section fb_built=\u00bb1&#8243; module_id=\u00bbgestion\u00bb _builder_version=\u00bb4.21.0&#8243; _module_preset=\u00bbdefault\u00bb background_color=\u00bb#eae7eb\u00bb background_enable_image=\u00bboff\u00bb parallax=\u00bbon\u00bb global_colors_info=\u00bb{}\u00bb][et_pb_row _builder_version=\u00bb4.21.0&#8243; _module_preset=\u00bbdefault\u00bb global_colors_info=\u00bb{}\u00bb][et_pb_column type=\u00bb4_4&#8243; _builder_version=\u00bb4.21.0&#8243; _module_preset=\u00bbdefault\u00bb global_colors_info=\u00bb{}\u00bb][et_pb_divider _builder_version=\u00bb4.21.0&#8243; _module_preset=\u00bbdefault\u00bb global_colors_info=\u00bb{}\u00bb][\/et_pb_divider][\/et_pb_column][\/et_pb_row][et_pb_row column_structure=\u00bb1_2,1_2&#8243; _builder_version=\u00bb4.21.0&#8243; _module_preset=\u00bbdefault\u00bb global_colors_info=\u00bb{}\u00bb][et_pb_column type=\u00bb1_2&#8243; _builder_version=\u00bb4.21.0&#8243; _module_preset=\u00bbdefault\u00bb global_colors_info=\u00bb{}\u00bb][et_pb_text _builder_version=\u00bb4.21.0&#8243; _module_preset=\u00bbdefault\u00bb global_colors_info=\u00bb{}\u00bb]<\/p>\n<h1><span style=\"color: #ffffff;\"><strong><span style=\"color: #000000;\">GESTI\u00d3N COMERCIAL<\/span><\/strong><\/span><\/h1>\n<p>[\/et_pb_text][et_pb_text _builder_version=\u00bb4.21.0&#8243; _module_preset=\u00bbdefault\u00bb global_colors_info=\u00bb{}\u00bb]<\/p>\n<h2>Consultor\u00eda<\/h2>\n<p>[\/et_pb_text][et_pb_text _builder_version=\u00bb4.21.0&#8243; _module_preset=\u00bbdefault\u00bb text_font_size=\u00bb16px\u00bb global_colors_info=\u00bb{}\u00bb]<\/p>\n<ul>\n<li>Estrategia para mercados B2C<\/li>\n<li>Planificaci\u00f3n comercial mercados B2C<\/li>\n<li>Gesti\u00f3n de Proyectos en BAU<\/li>\n<li>Levantamiento de informaci\u00f3n y adecuarla para el an\u00e1lisis<\/li>\n<\/ul>\n<p><strong>Parte de la Experiencia de nuestros Consultores:<\/strong><\/p>\n<ul>\n<li>Supervisor Proyectos Ampliaci\u00f3n Chuquicamata<\/li>\n<li>Emprendimiento con representaci\u00f3n productos Miner\u00eda<\/li>\n<li>Gerente Comercial &#8211; Gasco Norte S.A.<\/li>\n<li>Gerente Proyectos e Ingenier\u00eda GLP y GNL &#8211; Gasco S.A.<\/li>\n<li>Gerente General &#8211; Inversiones GLP, Colombia<\/li>\n<li>Gerente General &#8211; MTN Proenergy SpA<\/li>\n<\/ul>\n<p>[\/et_pb_text][et_pb_button button_url=\u00bb#contacto\u00bb button_text=\u00bbMe interesa\u00bb _builder_version=\u00bb4.21.0&#8243; _module_preset=\u00bbdefault\u00bb custom_button=\u00bbon\u00bb button_text_size=\u00bb15px\u00bb button_text_color=\u00bb#FFFFFF\u00bb button_bg_color=\u00bb#103946&#8243; button_border_color=\u00bb#103946&#8243; button_border_radius=\u00bb48px\u00bb button_icon=\u00bb&#x4e;||divi||400&#8243; global_colors_info=\u00bb{}\u00bb][\/et_pb_button][\/et_pb_column][et_pb_column type=\u00bb1_2&#8243; _builder_version=\u00bb4.21.0&#8243; _module_preset=\u00bbdefault\u00bb global_colors_info=\u00bb{}\u00bb][et_pb_image src=\u00bbhttps:\/\/mtnchile.com\/wp-content\/uploads\/2024\/06\/Captura-de-pantalla-2024-06-28-a-las-9.52.28\u202fp.-m-e1719626016325.png\u00bb title_text=\u00bbCaptura de pantalla 2024-06-28 a la(s) 9.52.28\u202fp. m.\u00bb _builder_version=\u00bb4.21.0&#8243; _module_preset=\u00bbdefault\u00bb global_colors_info=\u00bb{}\u00bb][\/et_pb_image][\/et_pb_column][\/et_pb_row][\/et_pb_section][et_pb_section fb_built=\u00bb1&#8243; module_id=\u00bbcontacto\u00bb _builder_version=\u00bb4.21.0&#8243; _module_preset=\u00bbdefault\u00bb background_image=\u00bbhttps:\/\/mtnchile.com\/wp-content\/uploads\/2024\/06\/2-1.png\u00bb global_colors_info=\u00bb{}\u00bb][et_pb_row _builder_version=\u00bb4.21.0&#8243; _module_preset=\u00bbdefault\u00bb global_colors_info=\u00bb{}\u00bb][et_pb_column type=\u00bb4_4&#8243; _builder_version=\u00bb4.21.0&#8243; _module_preset=\u00bbdefault\u00bb global_colors_info=\u00bb{}\u00bb][et_pb_text _builder_version=\u00bb4.21.0&#8243; _module_preset=\u00bbdefault\u00bb global_colors_info=\u00bb{}\u00bb]<\/p>\n<h1><span style=\"color: #ffffff;\"><strong>Hablemos<\/strong><\/span><\/h1>\n<p>[\/et_pb_text][et_pb_contact_form captcha=\u00bboff\u00bb email=\u00bbmtnconsulting@mtnchile.com\u00bb success_message=\u00bbGracias por escribirnos. Lo contactaremos a la brevedad.\u00bb _builder_version=\u00bb4.21.0&#8243; _module_preset=\u00bbdefault\u00bb _unique_id=\u00bb6eb56c64-4600-4b07-8da4-72959f5e149c\u00bb form_field_background_color=\u00bb#E6E6E6&#8243; form_field_text_color=\u00bb#103946&#8243; form_field_focus_background_color=\u00bb#c5c5c5&#8243; form_field_focus_text_color=\u00bb#000000&#8243; title_text_color=\u00bb#FFFFFF\u00bb background_color=\u00bb#FFFFFF\u00bb use_background_color_gradient=\u00bbon\u00bb background_color_gradient_stops=\u00bb#f5f5f5 0%|#d6d6d6 100%\u00bb custom_button=\u00bbon\u00bb button_text_color=\u00bb#103946&#8243; button_border_radius=\u00bb100px\u00bb global_colors_info=\u00bb{}\u00bb][et_pb_contact_field field_id=\u00bbNombre\u00bb field_title=\u00bbNombre\u00bb _builder_version=\u00bb4.21.0&#8243; global_colors_info=\u00bb{}\u00bb button_text_size__hover_enabled=\u00bboff\u00bb button_one_text_size__hover_enabled=\u00bboff\u00bb button_two_text_size__hover_enabled=\u00bboff\u00bb button_text_color__hover_enabled=\u00bboff\u00bb button_one_text_color__hover_enabled=\u00bboff\u00bb button_two_text_color__hover_enabled=\u00bboff\u00bb button_border_width__hover_enabled=\u00bboff\u00bb button_one_border_width__hover_enabled=\u00bboff\u00bb button_two_border_width__hover_enabled=\u00bboff\u00bb button_border_color__hover_enabled=\u00bboff\u00bb button_one_border_color__hover_enabled=\u00bboff\u00bb button_two_border_color__hover_enabled=\u00bboff\u00bb button_border_radius__hover_enabled=\u00bboff\u00bb button_one_border_radius__hover_enabled=\u00bboff\u00bb button_two_border_radius__hover_enabled=\u00bboff\u00bb button_letter_spacing__hover_enabled=\u00bboff\u00bb button_one_letter_spacing__hover_enabled=\u00bboff\u00bb button_two_letter_spacing__hover_enabled=\u00bboff\u00bb button_bg_color__hover_enabled=\u00bboff\u00bb button_one_bg_color__hover_enabled=\u00bboff\u00bb button_two_bg_color__hover_enabled=\u00bboff\u00bb][\/et_pb_contact_field][et_pb_contact_field field_id=\u00bbphone\u00bb field_title=\u00bbTel\u00e9fono\u00bb _builder_version=\u00bb4.21.0&#8243; _module_preset=\u00bbdefault\u00bb global_colors_info=\u00bb{}\u00bb][\/et_pb_contact_field][et_pb_contact_field field_id=\u00bbCorreo\u00bb field_title=\u00bbDirecci\u00f3n de correo electr\u00f3nico\u00bb field_type=\u00bbemail\u00bb fullwidth_field=\u00bbon\u00bb _builder_version=\u00bb4.21.0&#8243; global_colors_info=\u00bb{}\u00bb button_text_size__hover_enabled=\u00bboff\u00bb button_one_text_size__hover_enabled=\u00bboff\u00bb button_two_text_size__hover_enabled=\u00bboff\u00bb button_text_color__hover_enabled=\u00bboff\u00bb button_one_text_color__hover_enabled=\u00bboff\u00bb button_two_text_color__hover_enabled=\u00bboff\u00bb button_border_width__hover_enabled=\u00bboff\u00bb button_one_border_width__hover_enabled=\u00bboff\u00bb button_two_border_width__hover_enabled=\u00bboff\u00bb button_border_color__hover_enabled=\u00bboff\u00bb button_one_border_color__hover_enabled=\u00bboff\u00bb button_two_border_color__hover_enabled=\u00bboff\u00bb button_border_radius__hover_enabled=\u00bboff\u00bb button_one_border_radius__hover_enabled=\u00bboff\u00bb button_two_border_radius__hover_enabled=\u00bboff\u00bb button_letter_spacing__hover_enabled=\u00bboff\u00bb button_one_letter_spacing__hover_enabled=\u00bboff\u00bb button_two_letter_spacing__hover_enabled=\u00bboff\u00bb button_bg_color__hover_enabled=\u00bboff\u00bb button_one_bg_color__hover_enabled=\u00bboff\u00bb button_two_bg_color__hover_enabled=\u00bboff\u00bb][\/et_pb_contact_field][et_pb_contact_field field_id=\u00bbField_5&#8243; field_title=\u00bb\u00c1rea(s) de Inter\u00e9s\u00bb field_type=\u00bbcheckbox\u00bb checkbox_options=\u00bb%91{%22value%22:%22Legal%22,%22checked%22:0,%22dragID%22:-1},{%22value%22:%22Gobierno de Datos, Tratamiento de Datos Personales y\/o Servicios TI%22,%22checked%22:0,%22dragID%22:1},{%22value%22:%22Asesor\u00eda Tributaria%22,%22checked%22:0,%22dragID%22:2},{%22value%22:%22Finanzas Corporativas%22,%22checked%22:0,%22dragID%22:3},{%22value%22:%22Seguridad%22,%22checked%22:0,%22dragID%22:0},{%22value%22:%22Agua Potable%22,%22checked%22:0,%22dragID%22:4},{%22value%22:%22Regulaci\u00f3n Industria El\u00e9ctrica%22,%22checked%22:0,%22dragID%22:5},{%22value%22:%22Gesti\u00f3n Comercial%22,%22checked%22:0,%22dragID%22:6}%93&#8243; fullwidth_field=\u00bbon\u00bb _builder_version=\u00bb4.21.0&#8243; _module_preset=\u00bbdefault\u00bb form_field_background_color=\u00bb#c5c5c5&#8243; form_field_text_color=\u00bb#103946&#8243; form_field_focus_background_color=\u00bb#FFFFFF\u00bb form_field_focus_text_color=\u00bb#FFFFFF\u00bb global_colors_info=\u00bb{}\u00bb][\/et_pb_contact_field][et_pb_contact_field field_id=\u00bbMessage\u00bb field_title=\u00bbMensaje\u00bb field_type=\u00bbtext\u00bb fullwidth_field=\u00bbon\u00bb _builder_version=\u00bb4.21.0&#8243; form_field_focus_background_color=\u00bb#c5c5c5&#8243; global_colors_info=\u00bb{}\u00bb button_text_size__hover_enabled=\u00bboff\u00bb button_one_text_size__hover_enabled=\u00bboff\u00bb button_two_text_size__hover_enabled=\u00bboff\u00bb button_text_color__hover_enabled=\u00bboff\u00bb button_one_text_color__hover_enabled=\u00bboff\u00bb button_two_text_color__hover_enabled=\u00bboff\u00bb button_border_width__hover_enabled=\u00bboff\u00bb button_one_border_width__hover_enabled=\u00bboff\u00bb button_two_border_width__hover_enabled=\u00bboff\u00bb button_border_color__hover_enabled=\u00bboff\u00bb button_one_border_color__hover_enabled=\u00bboff\u00bb button_two_border_color__hover_enabled=\u00bboff\u00bb button_border_radius__hover_enabled=\u00bboff\u00bb button_one_border_radius__hover_enabled=\u00bboff\u00bb button_two_border_radius__hover_enabled=\u00bboff\u00bb button_letter_spacing__hover_enabled=\u00bboff\u00bb button_one_letter_spacing__hover_enabled=\u00bboff\u00bb button_two_letter_spacing__hover_enabled=\u00bboff\u00bb button_bg_color__hover_enabled=\u00bboff\u00bb button_one_bg_color__hover_enabled=\u00bboff\u00bb button_two_bg_color__hover_enabled=\u00bboff\u00bb][\/et_pb_contact_field][\/et_pb_contact_form][\/et_pb_column][\/et_pb_row][et_pb_row _builder_version=\u00bb4.21.0&#8243; _module_preset=\u00bbdefault\u00bb global_colors_info=\u00bb{}\u00bb][et_pb_column type=\u00bb4_4&#8243; _builder_version=\u00bb4.21.0&#8243; _module_preset=\u00bbdefault\u00bb global_colors_info=\u00bb{}\u00bb][et_pb_blurb title=\u00bbmtnconsulting@mtnchile.com\u00bb url=\u00bbmailto:mtnconsulting@mtnchile.com\u00bb use_icon=\u00bbon\u00bb font_icon=\u00bb&#xf0e0;||fa||400&#8243; icon_color=\u00bb#FFFFFF\u00bb image_icon_background_color=\u00bbRGBA(255,255,255,0)\u00bb image_icon_width=\u00bb74px\u00bb _builder_version=\u00bb4.21.0&#8243; _module_preset=\u00bbdefault\u00bb header_font=\u00bb|700|||||||\u00bb header_text_align=\u00bbcenter\u00bb header_text_color=\u00bb#FFFFFF\u00bb header_font_size=\u00bb21px\u00bb body_text_align=\u00bbcenter\u00bb link_option_url=\u00bbmailto:mtnconsulting@mtnchile.com\u00bb global_colors_info=\u00bb{}\u00bb]<\/p>\n<p><span style=\"color: #ffffff;\">Si lo deseas, puedes escribirnos directamente<\/span><\/p>\n<p>[\/et_pb_blurb][\/et_pb_column][\/et_pb_row][et_pb_row _builder_version=\u00bb4.21.0&#8243; _module_preset=\u00bbdefault\u00bb global_colors_info=\u00bb{}\u00bb][et_pb_column type=\u00bb4_4&#8243; _builder_version=\u00bb4.21.0&#8243; _module_preset=\u00bbdefault\u00bb global_colors_info=\u00bb{}\u00bb][et_pb_divider color=\u00bb#FFFFFF\u00bb _builder_version=\u00bb4.21.0&#8243; _module_preset=\u00bbdefault\u00bb global_colors_info=\u00bb{}\u00bb][\/et_pb_divider][\/et_pb_column][\/et_pb_row][et_pb_row _builder_version=\u00bb4.21.0&#8243; _module_preset=\u00bbdefault\u00bb global_colors_info=\u00bb{}\u00bb][et_pb_column type=\u00bb4_4&#8243; _builder_version=\u00bb4.21.0&#8243; _module_preset=\u00bbdefault\u00bb global_colors_info=\u00bb{}\u00bb][et_pb_text _builder_version=\u00bb4.21.0&#8243; _module_preset=\u00bbdefault\u00bb global_colors_info=\u00bb{}\u00bb]<\/p>\n<p style=\"text-align: center;\"><strong><span style=\"color: #ffffff;\">MTN Consulting es el \u00c1rea de Consultor\u00eda de MTN Proenergy SPA<\/span><\/strong><\/p>\n<p>[\/et_pb_text][\/et_pb_column][\/et_pb_row][\/et_pb_section]<\/p>\n","protected":false},"excerpt":{"rendered":"<p>Tanto en la Revoluci\u00f3n Industrial como en la Revoluci\u00f3n Tecnol\u00f3gica, el ser humano est\u00e1 en el centro &#8230; conduce y sufre los cambios El tiempo es solo una referencia de c\u00f3mo pueden llegar a cambiar las cosas, pero siempre ser\u00e1 el Humano quien las lidere Si quieres generar los cambios o adaptarte a los que [&hellip;]<\/p>\n","protected":false},"author":1,"featured_media":0,"parent":0,"menu_order":0,"comment_status":"closed","ping_status":"closed","template":"","meta":{"_et_pb_use_builder":"on","_et_pb_old_content":"","_et_gb_content_width":"","footnotes":""},"class_list":["post-18","page","type-page","status-publish","hentry"],"_links":{"self":[{"href":"https:\/\/mtnchile.com\/index.php?rest_route=\/wp\/v2\/pages\/18","targetHints":{"allow":["GET"]}}],"collection":[{"href":"https:\/\/mtnchile.com\/index.php?rest_route=\/wp\/v2\/pages"}],"about":[{"href":"https:\/\/mtnchile.com\/index.php?rest_route=\/wp\/v2\/types\/page"}],"author":[{"embeddable":true,"href":"https:\/\/mtnchile.com\/index.php?rest_route=\/wp\/v2\/users\/1"}],"replies":[{"embeddable":true,"href":"https:\/\/mtnchile.com\/index.php?rest_route=%2Fwp%2Fv2%2Fcomments&post=18"}],"version-history":[{"count":99,"href":"https:\/\/mtnchile.com\/index.php?rest_route=\/wp\/v2\/pages\/18\/revisions"}],"predecessor-version":[{"id":224,"href":"https:\/\/mtnchile.com\/index.php?rest_route=\/wp\/v2\/pages\/18\/revisions\/224"}],"wp:attachment":[{"href":"https:\/\/mtnchile.com\/index.php?rest_route=%2Fwp%2Fv2%2Fmedia&parent=18"}],"curies":[{"name":"wp","href":"https:\/\/api.w.org\/{rel}","templated":true}]}}